{"id":38292,"date":"2020-04-26T12:11:45","date_gmt":"2020-04-26T10:11:45","guid":{"rendered":"https:\/\/www.czechcyclingfederation.com\/?post_type=vzdelavani&#038;p=38292"},"modified":"2025-10-24T14:32:46","modified_gmt":"2025-10-24T12:32:46","slug":"ss-vzdelavani","status":"publish","type":"vzdelavani","link":"https:\/\/www.czechcyclingfederation.com\/en\/vzdelavani\/ss-vzdelavani\/","title":{"rendered":"ST\u0158EDO\u0160KOLSK\u00c9 VZD\u011aL\u00c1V\u00c1N\u00cd"},"content":{"rendered":"\n<p>Cyklistika si v posledn\u00edch letech z\u00edsk\u00e1v\u00e1 st\u00e1le pevn\u011bj\u0161\u00ed m\u00edsto ve sportovn\u00edch programech st\u0159edn\u00edch \u0161kol. Mlad\u00ed z\u00e1vodn\u00edci dnes mohou studium na gymn\u00e1ziu \u00fasp\u011b\u0161n\u011b spojit s vrcholov\u00fdm tr\u00e9ninkem, a to d\u00edky specializovan\u00fdm sportovn\u00edm t\u0159\u00edd\u00e1m, kter\u00e9 propojuj\u00ed kvalitn\u00ed vzd\u011bl\u00e1n\u00ed s odborn\u00fdm veden\u00edm a \u0161pi\u010dkov\u00fdm z\u00e1zem\u00edm.<\/p>\n\n\n\n<p>Na t\u00e9to str\u00e1nce najdete p\u0159ehled \u0161kol, kter\u00e9 nab\u00edzej\u00ed cyklistiku jako kmenov\u00fd sport. Ka\u017ed\u00e1 z nich m\u00e1 sv\u00e9 specifick\u00e9 zam\u011b\u0159en\u00ed i tradici, spole\u010dn\u00fdm c\u00edlem je ale jedno \u2013 pomoci student\u016fm naplno rozvinout sportovn\u00ed i osobnostn\u00ed potenci\u00e1l.<\/p>\n\n\n\n<hr class=\"wp-block-separator has-alpha-channel-opacity\"\/>\n\n\n\n<h2 class=\"wp-block-heading\">Sportovn\u00ed gymn\u00e1zia s cyklistick\u00fdm zam\u011b\u0159en\u00edm<\/h2>\n\n\n\n<h3 class=\"wp-block-heading\"><strong>Sportovn\u00ed gymn\u00e1zium Kladno<\/strong><\/h3>\n\n\n\n<p>Od z\u00e1\u0159\u00ed 2026 otev\u00edr\u00e1 kladensk\u00e9 gymn\u00e1zium sportovn\u00ed t\u0159\u00eddu pro cyklisty \u2013 prvn\u00ed sv\u00e9ho druhu ve St\u0159edo\u010desk\u00e9m kraji a teprve p\u00e1tou v republice s cyklistikou jako kmenov\u00fdm sportem. Studenti budou sou\u010d\u00e1st\u00ed Fiege Velo Akademie a zam\u011b\u0159\u00ed se na vytrvalostn\u00ed discipl\u00edny, tedy MTB cross-country, cyklokros a silni\u010dn\u00ed cyklistiku.<br>Tr\u00e9nink povedou zku\u0161en\u00ed tren\u00e9\u0159i s nejvy\u0161\u0161\u00ed licenc\u00ed a prax\u00ed v reprezentaci i vrcholov\u00e9m sportu ml\u00e1de\u017ee.<\/p>\n\n\n\n<p>\u0160kola nab\u00edz\u00ed \u0161pi\u010dkov\u00e9 z\u00e1zem\u00ed \u2013 t\u011blocvi\u010dny, posilovny, rehabilitaci, baz\u00e9n v bl\u00edzkosti \u0161koly i mo\u017enost tr\u00e9nink\u016f v okoln\u00edch les\u00edch K\u0159ivokl\u00e1tska a na trailech Mayrau ve Vina\u0159ic\u00edch, kter\u00e9 provozuje pr\u00e1v\u011b Velo Akademie.<br>Prvn\u00ed studenti usednou do lavic v z\u00e1\u0159\u00ed 2026. Talentov\u00e9 zkou\u0161ky prob\u011bhnou v \u00fanoru, hlavn\u00ed p\u0159ij\u00edmac\u00ed \u0159\u00edzen\u00ed pak v b\u0159eznu.<\/p>\n\n\n\n<p>Lze kontaktovat p\u0159\u00edmo tren\u00e9ry: martin@veloakademie.cz nebo na tel. 603 838 503<span style=\"font-size: medium; white-space-collapse: collapse;\"><\/span><br>V\u00edce informac\u00ed: <a href=\"https:\/\/www.sgagy.cz\/\">www.sgagy.cz<\/a><\/p>\n\n\n\n<hr class=\"wp-block-separator has-alpha-channel-opacity\"\/>\n\n\n\n<h3 class=\"wp-block-heading\"><strong>Gymn\u00e1zium Vincence Makovsk\u00e9ho, Nov\u00e9 M\u011bsto na Morav\u011b<\/strong><\/h3>\n\n\n\n<p>Gymn\u00e1zium GYNOME propojuje kvalitn\u00ed vzd\u011bl\u00e1n\u00ed s intenzivn\u00ed sportovn\u00ed p\u0159\u00edpravou. D\u00edky poloze v srdci Vyso\u010diny a z\u00e1zem\u00ed Vyso\u010dina Ar\u00e9ny maj\u00ed studenti ide\u00e1ln\u00ed podm\u00ednky pro celoro\u010dn\u00ed tr\u00e9nink.<br>K dispozici je s\u00ed\u0165 trail\u016f, klidn\u00e9 silnice, modern\u00ed t\u011blocvi\u010dny, posilovny, baz\u00e9n, wellness i atletick\u00fd stadion.<\/p>\n\n\n\n<p>Sou\u010d\u00e1st\u00ed programu jsou tak\u00e9 soust\u0159ed\u011bn\u00ed v \u010cesku i zahrani\u010d\u00ed a mo\u017enost spolupr\u00e1ce s partnersk\u00fdmi kluby. Studenti se rozv\u00edjej\u00ed i v zimn\u00edm obdob\u00ed \u2013 b\u011bhaj\u00ed, plavou, ly\u017euj\u00ed \u010di tr\u00e9nuj\u00ed gymnastiku.<br>Ve v\u00fduce je za\u0159azen p\u0159edm\u011bt <strong>Teorie sportovn\u00ed p\u0159\u00edpravy<\/strong>, jeho\u017e absolvov\u00e1n\u00ed umo\u017e\u0148uje z\u00edskat tren\u00e9rskou licenci II. t\u0159\u00eddy.<\/p>\n\n\n\n<p>V\u00edce informac\u00ed: <a href=\"https:\/\/www.gynome.cz\/\">www.gynome.cz<\/a><\/p>\n\n\n\n<hr class=\"wp-block-separator has-alpha-channel-opacity\"\/>\n\n\n\n<h3 class=\"wp-block-heading\"><strong>Gymn\u00e1zium, SO\u0160 a SZ\u0160, Jilemnice<\/strong><\/h3>\n\n\n\n<p>\u010cty\u0159let\u00e9 sportovn\u00ed gymn\u00e1zium v Jilemnici nab\u00edz\u00ed kombinaci kvalitn\u00edho vzd\u011bl\u00e1n\u00ed a profesion\u00e1ln\u00edho tr\u00e9ninku v silni\u010dn\u00ed cyklistice, MTB i cyklokrosu.<br>Studenti tr\u00e9nuj\u00ed pod veden\u00edm zku\u0161en\u00fdch kou\u010d\u016f a maj\u00ed k dispozici ide\u00e1ln\u00ed z\u00e1zem\u00ed pro sportovn\u00ed i osobn\u00ed r\u016fst. Mezi absolventy najdeme \u0159adu \u00fasp\u011b\u0161n\u00fdch mlad\u00fdch z\u00e1vodn\u00edk\u016f, nap\u0159\u00edklad <strong>Mat\u011bje Pit\u00e1ka<\/strong> nebo <strong>Karol\u00ednu \u0160picarovou<\/strong>.<\/p>\n\n\n\n<p>Z\u00e1jemci se mohou p\u0159ij\u00edt pod\u00edvat po domluv\u011b s tren\u00e9rem.<br>Kontakt: <strong><a href=\"mailto:karel.hnik@gmail.com\">karel.hnik@gmail.com<\/a><\/strong>, <strong>737 104 669<\/strong><\/p>\n\n\n\n<p>V\u00edce informac\u00ed: <a href=\"https:\/\/www.gymjil.cz\/\">www.gymjil.cz<\/a><\/p>\n\n\n\n<hr class=\"wp-block-separator has-alpha-channel-opacity\"\/>\n\n\n\n<h3 class=\"wp-block-heading\"><strong>Sportovn\u00ed gymn\u00e1zium, Vimperk<\/strong><\/h3>\n\n\n\n<p>Sportovn\u00ed gymn\u00e1zium ve Vimperku pat\u0159\u00ed k pr\u016fkopn\u00edk\u016fm specializace na horsk\u00e1 kola. B\u011bhem v\u00edce ne\u017e 25 let zde vyr\u016fstali z\u00e1vodn\u00edci jako <strong>Kate\u0159ina Nash<\/strong>, <strong>Tereza Hu\u0159\u00edkov\u00e1<\/strong>, <strong>Jan Vastl<\/strong> \u010di <strong>Martin Sto\u0161ek<\/strong>.<br>Na tradici navazuje tren\u00e9r <strong>Mgr. Jakub Kadlec<\/strong>, kter\u00fd do p\u0159\u00edpravy vn\u00e1\u0161\u00ed modern\u00ed p\u0159\u00edstup zalo\u017een\u00fd na funk\u010dn\u00ed diagnostice.<\/p>\n\n\n\n<p>Gymn\u00e1zium propojuje studium s tr\u00e9ninkem na \u0161pi\u010dkov\u00e9 \u00farovni a spolupracuje s UCI t\u00fdmem <strong>ROUVY<\/strong>, fyzioterapeutem i profesion\u00e1ln\u00edm mechanikem.<br>Studenti mohou po absolvov\u00e1n\u00ed z\u00edskat <strong>osv\u011bd\u010den\u00ed tren\u00e9ra cyklistiky<\/strong>.<br>Tr\u00e9ninkov\u00fd re\u017eim je p\u0159izp\u016fsoben \u00farovni sportovce \u2013 od individu\u00e1ln\u00edch pl\u00e1n\u016f pro reprezentanty po b\u011b\u017en\u00e9 studium se sportovn\u00ed podporou.<\/p>\n\n\n\n<p>Sou\u010d\u00e1st\u00ed programu jsou pravideln\u00e1 soust\u0159ed\u011bn\u00ed v \u010cesku i zahrani\u010d\u00ed, d\u016fraz na kondici, regeneraci i v\u0161estrann\u00fd rozvoj.<br>Gymn\u00e1zium nab\u00edz\u00ed ubytov\u00e1n\u00ed s kompletn\u00edm z\u00e1zem\u00edm pro sportovce.<br>V\u00edce informac\u00ed: <a href=\"https:\/\/gvimperk.cz\/\">gvimperk.cz<\/a> \u00b7 <a href=\"https:\/\/rouvy-specialized.com\/\">rouvy-specialized.com<\/a><\/p>\n\n\n<div class=\"wp-block-image\">\n<figure class=\"aligncenter size-large is-resized\"><img loading=\"lazy\" decoding=\"async\" width=\"819\" height=\"1024\" src=\"https:\/\/www.czechcyclingfederation.com\/wp-content\/uploads\/2025\/10\/Gymnzium-sportovn-p\u0792prava-819x1024.png\" alt=\"\" class=\"wp-image-38308\" style=\"width:390px;height:auto\" srcset=\"https:\/\/www.czechcyclingfederation.com\/wp-content\/uploads\/2025\/10\/Gymnzium-sportovn-p\u0792prava-819x1024.png 819w, https:\/\/www.czechcyclingfederation.com\/wp-content\/uploads\/2025\/10\/Gymnzium-sportovn-p\u0792prava-160x200.png 160w, https:\/\/www.czechcyclingfederation.com\/wp-content\/uploads\/2025\/10\/Gymnzium-sportovn-p\u0792prava-768x960.png 768w, https:\/\/www.czechcyclingfederation.com\/wp-content\/uploads\/2025\/10\/Gymnzium-sportovn-p\u0792prava.png 960w\" sizes=\"auto, (max-width: 819px) 100vw, 819px\" \/><\/figure>\n<\/div>\n\n\n<hr class=\"wp-block-separator has-alpha-channel-opacity\"\/>\n\n\n\n<h3 class=\"wp-block-heading\"><strong>Sportovn\u00ed gymn\u00e1zium Dany a Emila Z\u00e1topkov\u00fdch, Ostrava<\/strong><\/h3>\n\n\n\n<p>Cyklistika je od roku 2015 kmenov\u00fdm sportem ostravsk\u00e9ho sportovn\u00edho gymn\u00e1zia. Studenti se zde mohou specializovat na <strong>silni\u010dn\u00ed cyklistiku, MTB, cyklokros, BMX i krasoj\u00edzdu<\/strong>.<br>Gymn\u00e1zium pom\u00e1h\u00e1 \u017e\u00e1k\u016fm skloubit n\u00e1ro\u010dn\u00e9 studium s tr\u00e9ninkem a umo\u017e\u0148uje jim zakon\u010dit vzd\u011bl\u00e1n\u00ed maturitn\u00ed zkou\u0161kou.<\/p>\n\n\n\n<p>Mezi \u00fasp\u011b\u0161n\u00e9 absolventy pat\u0159\u00ed sourozenci Pr\u016fdkovi, Michaela Bojkov\u00e1, Adam Bern\u00e1t nebo Marek Majdanics. Sou\u010dasn\u00e1 studentka <strong>Alen \u010c\u00e1ni<\/strong> reprezentuje \u010ceskou republiku v krasoj\u00edzd\u011b.<\/p>\n\n\n\n<p>V\u00edce informac\u00ed: <a href=\"https:\/\/www.sportgym-ostrava.cz\/\">www.sportgym-ostrava.cz<\/a><\/p>\n\n\n\n<hr class=\"wp-block-separator has-alpha-channel-opacity\"\/>\n\n\n\n<h3 class=\"wp-block-heading\"><strong>Gymn\u00e1zium Jesen\u00edk<\/strong><\/h3>\n\n\n\n<p>V Jesen\u00edku funguje cyklistika v r\u00e1mci <strong>Superior Team Jesen\u00edk<\/strong> ve dvou tr\u00e9ninkov\u00fdch skupin\u00e1ch \u2013 <strong>Race Group<\/strong> a <strong>Sport Group<\/strong>.<br>Race Group sdru\u017euje z\u00e1vodn\u00edky s ambic\u00ed startovat na dom\u00e1c\u00ed i mezin\u00e1rodn\u00ed sc\u00e9n\u011b, Sport Group se zam\u011b\u0159uje na v\u0161estrann\u00fd rozvoj a radost z pohybu.<\/p>\n\n\n\n<p>Tr\u00e9ninky vyu\u017e\u00edvaj\u00ed jedine\u010dn\u00e9 prost\u0159ed\u00ed jesenick\u00fdch hor a zahrnuj\u00ed i zimn\u00ed aktivity \u2013 skialpy, b\u011b\u017eky \u010di kondi\u010dn\u00ed p\u0159\u00edpravu.<br>C\u00edlem programu je umo\u017enit student\u016fm kombinovat kvalitn\u00ed studium s v\u00fdkonnostn\u00edm sportem a p\u0159ipravit je na dal\u0161\u00ed sportovn\u00ed i akademickou dr\u00e1hu.<\/p>\n\n\n\n<p>V\u00edce informac\u00ed: <a href=\"https:\/\/www.gymjes.cz\/\">www.gymjes.cz<\/a><\/p>\n\n\n\n<hr class=\"wp-block-separator has-alpha-channel-opacity\"\/>\n\n\n\n<h3 class=\"wp-block-heading\"><strong>Gymn\u00e1zium Dr. Antona Randy, Jablonec nad Nisou<\/strong><\/h3>\n\n\n\n<p>Na jabloneck\u00e9m sportovn\u00edm gymn\u00e1ziu se cyklistice v\u011bnuje aktu\u00e1ln\u011b \u0161est student\u016f sportovn\u00ed t\u0159\u00eddy, kte\u0159\u00ed se specializuj\u00ed na silni\u010dn\u00ed cyklistiku, MTB, cyklokros a dopl\u0148kov\u011b i dr\u00e1hu.<br>Tr\u00e9nink vede dvojice zku\u0161en\u00fdch tren\u00e9r\u016f <strong>Miloslav Holl\u00f3si<\/strong> a <strong>Pavla Havl\u00edkov\u00e1<\/strong>, kte\u0159\u00ed spojuj\u00ed dlouholetou praxi s modern\u00edmi technologiemi tr\u00e9ninku (m\u011b\u0159en\u00ed v\u00fdkonu, anal\u00fdza efektivity \u0161lap\u00e1n\u00ed).<\/p>\n\n\n\n<p>Gymn\u00e1zium spolupracuje s odborn\u00edky na regeneraci a pl\u00e1nuje roz\u0161\u00ed\u0159it t\u00fdm o specialistu na techniku MTB.<br>D\u016fraz klade na v\u0161estrannost \u2013 b\u011bh, plav\u00e1n\u00ed, bruslen\u00ed i ly\u017eov\u00e1n\u00ed tvo\u0159\u00ed ned\u00edlnou sou\u010d\u00e1st p\u0159\u00edpravy.<br>C\u00edlem je vychov\u00e1vat nejen v\u00fdkonn\u00e9 sportovce, ale i lidi, kte\u0159\u00ed si cyklistiku uchovaj\u00ed jako celo\u017eivotn\u00ed v\u00e1\u0161e\u0148.<\/p>\n\n\n\n<p>V\u00edce informac\u00ed: <a href=\"https:\/\/randovka.cz\/\">randovka.cz<\/a><\/p>\n\n\n\n<p><\/p>\n","protected":false},"featured_media":38325,"template":"","categories":[24,173],"tags":[],"barva":[425],"class_list":["post-38292","vzdelavani","type-vzdelavani","status-publish","has-post-thumbnail","hentry","category-skoleni-treneru","category-vzdelavani","barva-modra-tmava"],"_links":{"self":[{"href":"https:\/\/www.czechcyclingfederation.com\/en\/wp-json\/wp\/v2\/vzdelavani\/38292","targetHints":{"allow":["GET"]}}],"collection":[{"href":"https:\/\/www.czechcyclingfederation.com\/en\/wp-json\/wp\/v2\/vzdelavani"}],"about":[{"href":"https:\/\/www.czechcyclingfederation.com\/en\/wp-json\/wp\/v2\/types\/vzdelavani"}],"wp:featuredmedia":[{"embeddable":true,"href":"https:\/\/www.czechcyclingfederation.com\/en\/wp-json\/wp\/v2\/media\/38325"}],"wp:attachment":[{"href":"https:\/\/www.czechcyclingfederation.com\/en\/wp-json\/wp\/v2\/media?parent=38292"}],"wp:term":[{"taxonomy":"category","embeddable":true,"href":"https:\/\/www.czechcyclingfederation.com\/en\/wp-json\/wp\/v2\/categories?post=38292"},{"taxonomy":"post_tag","embeddable":true,"href":"https:\/\/www.czechcyclingfederation.com\/en\/wp-json\/wp\/v2\/tags?post=38292"},{"taxonomy":"barva","embeddable":true,"href":"https:\/\/www.czechcyclingfederation.com\/en\/wp-json\/wp\/v2\/barva?post=38292"}],"curies":[{"name":"wp","href":"https:\/\/api.w.org\/{rel}","templated":true}]}}