{"id":40112,"date":"2026-03-09T15:59:03","date_gmt":"2026-03-09T14:59:03","guid":{"rendered":"https:\/\/www.czechcyclingfederation.com\/?page_id=40112"},"modified":"2026-03-09T15:59:05","modified_gmt":"2026-03-09T14:59:05","slug":"cyklistika-pro-vsechny-projekty-a-akce","status":"publish","type":"page","link":"https:\/\/www.czechcyclingfederation.com\/en\/cyklistika-pro-vsechny-projekty-a-akce\/","title":{"rendered":"Cyklistika pro v\u0161echny &#8211; Projekty a akce"},"content":{"rendered":"\n<p>Cyklistika nen\u00ed jen sportovn\u00ed v\u00fdkon a z\u00e1vod\u011bn\u00ed, ale tak\u00e9 spole\u010densk\u00e1 aktivita, kter\u00e1 spojuje lidi nap\u0159\u00ed\u010d generacemi. Jedn\u00e1 se o projekty a akce zam\u011b\u0159en\u00e9 na podporu cyklistiky mezi d\u011btmi, rodinami i \u0161irokou ve\u0159ejnost\u00ed.<\/p>\n\n\n\n<p>Pat\u0159\u00ed sem p\u0159edev\u0161\u00edm d\u011btsk\u00e9 z\u00e1vody, \u0161koln\u00ed sout\u011b\u017ee a n\u00e1borov\u00e9 projekty, kter\u00e9 p\u0159ibli\u017euj\u00ed cyklistiku nejmlad\u0161\u00ed generaci a pom\u00e1haj\u00ed d\u011btem z\u00edskat prvn\u00ed sportovn\u00ed zku\u0161enosti.<\/p>\n\n\n\n<h2 class=\"wp-block-heading\">Czech Cycling Academy<\/h2>\n\n\n\n<p><strong><a href=\"https:\/\/www.czechcyclingacademy.com\">Czech Cycling Academy<\/a><\/strong>\u00a0je komplexn\u00ed vzd\u011bl\u00e1vac\u00ed a rozvojov\u00fd program zam\u011b\u0159en\u00fd na mlad\u00e9 cyklisty. Jeho c\u00edlem je systematicky podporovat r\u016fst cyklistick\u00fdch talent\u016f a poskytnout d\u011btem a ml\u00e1de\u017ei p\u0159\u00edle\u017eitosti k pravideln\u00e9mu tr\u00e9ninku, sout\u011b\u017een\u00ed a zlep\u0161ov\u00e1n\u00ed techniky v r\u016fzn\u00fdch discipl\u00edn\u00e1ch cyklistiky. Program z\u00e1rove\u0148 nab\u00edz\u00ed podporu tren\u00e9r\u016f, klub\u016f a \u0161koln\u00edch t\u00fdm\u016f, propojuje r\u016fzn\u00e9 aktivity a vytv\u00e1\u0159\u00ed jednotnou koncepci rozvoje ml\u00e1de\u017enick\u00e9ho cyklistick\u00e9ho sportu. Czech Cycling Academy tak p\u0159edstavuje strategick\u00fd n\u00e1stroj, kter\u00fd zaji\u0161\u0165uje dlouhodob\u00fd rozvoj cyklistiky od \u00farovn\u011b za\u010d\u00e1te\u010dn\u00edk\u016f a\u017e po perspektivn\u00ed mlad\u00e9 z\u00e1vodn\u00edky.<\/p>\n\n\n\n<h2 class=\"wp-block-heading\">J\u00edzda za\u010d\u00edn\u00e1<\/h2>\n\n\n\n<p>N\u00e1borov\u00fd projekt\u00a0<strong><a href=\"https:\/\/www.jizdazacina.cz\">J\u00edzda za\u010d\u00edn\u00e1<\/a><\/strong>\u00a0je ur\u010den\u00fd d\u011btem a mlad\u00fdm lidem, kte\u0159\u00ed se cht\u011bj\u00ed sezn\u00e1mit s cyklistikou jako pravidelnou formou pohybu. Ukazuje v\u0161em z\u00e1jemc\u016fm cyklistiku v cel\u00e9 jej\u00ed \u0161\u00ed\u0159i a d\u00e1v\u00e1 jim stru\u010dn\u00fd a jasn\u00fd n\u00e1vod, jak s t\u00edmto sportem za\u010d\u00edt. J\u00edzda za\u010d\u00edn\u00e1 klade d\u016fraz na bezpe\u010dnost, z\u00e1kladn\u00ed dovednosti a radost z j\u00edzdy, \u010d\u00edm\u017e vytv\u00e1\u0159\u00ed p\u0159irozen\u00fd p\u0159echod do sportovn\u00edch klub\u016f a dal\u0161\u00edch cyklistick\u00fdch aktivit. Projekt je z\u00e1rove\u0148 platformou pro n\u00e1bor nov\u00fdch \u010dlen\u016f do cyklistick\u00fdch klub\u016f a podporuje dlouhodob\u00e9 zapojen\u00ed mlad\u00e9 generace do cyklistick\u00e9ho \u017eivota v \u010cesk\u00e9 republice.<\/p>\n\n\n\n<h2 class=\"wp-block-heading\">Veletrhy a festivaly<\/h2>\n\n\n\n<p>Sou\u010d\u00e1st\u00ed t\u00e9to oblasti jsou cyklistick\u00e9 festivaly, veletrhy a ve\u0159ejn\u00e9 prezentace cyklistiky, nap\u0159\u00edklad <strong>Prague Bike Fest<\/strong>, kter\u00e9 p\u0159in\u00e1\u0161ej\u00ed inspiraci, nov\u00e9 trendy a prostor pro setk\u00e1v\u00e1n\u00ed cel\u00e9 cyklistick\u00e9 komunity.<\/p>\n\n\n\n<p>D\u016fle\u017eitou roli hraj\u00ed tak\u00e9 komunitn\u00ed cyklistick\u00e9 projekty a ve\u0159ejn\u00e9 akce, kter\u00e9 podporuj\u00ed aktivn\u00ed \u017eivotn\u00ed styl a p\u0159ibli\u017euj\u00ed cyklistiku \u0161ir\u0161\u00ed ve\u0159ejnosti. Tyto iniciativy pom\u00e1haj\u00ed vytv\u00e1\u0159et pozitivn\u00ed vztah ke kolu, rozv\u00edjej\u00ed cyklistickou kulturu a posiluj\u00ed komunitu lid\u00ed, kte\u0159\u00ed cyklistiku sd\u00edlej\u00ed jako spole\u010dnou v\u00e1\u0161e\u0148.<\/p>\n","protected":false},"excerpt":{"rendered":"<p>Cyklistika nen\u00ed jen sportovn\u00ed v\u00fdkon a z\u00e1vod\u011bn\u00ed, ale tak\u00e9 spole\u010densk\u00e1 aktivita, kter\u00e1 spojuje lidi nap\u0159\u00ed\u010d generacemi. Jedn\u00e1 se o projekty a akce zam\u011b\u0159en\u00e9 na podporu cyklistiky mezi d\u011btmi, rodinami i \u0161irokou ve\u0159ejnost\u00ed. Pat\u0159\u00ed sem p\u0159edev\u0161\u00edm d\u011btsk\u00e9 z\u00e1vody, \u0161koln\u00ed sout\u011b\u017ee a n\u00e1borov\u00e9 projekty, kter\u00e9 p\u0159ibli\u017euj\u00ed cyklistiku nejmlad\u0161\u00ed generaci a pom\u00e1haj\u00ed d\u011btem z\u00edskat prvn\u00ed sportovn\u00ed zku\u0161enosti. Czech [&hellip;]<\/p>\n","protected":false},"author":14,"featured_media":40113,"parent":0,"menu_order":0,"comment_status":"closed","ping_status":"closed","template":"disciplina-page.php","meta":{"footnotes":""},"class_list":["post-40112","page","type-page","status-publish","has-post-thumbnail","hentry"],"_links":{"self":[{"href":"https:\/\/www.czechcyclingfederation.com\/en\/wp-json\/wp\/v2\/pages\/40112","targetHints":{"allow":["GET"]}}],"collection":[{"href":"https:\/\/www.czechcyclingfederation.com\/en\/wp-json\/wp\/v2\/pages"}],"about":[{"href":"https:\/\/www.czechcyclingfederation.com\/en\/wp-json\/wp\/v2\/types\/page"}],"author":[{"embeddable":true,"href":"https:\/\/www.czechcyclingfederation.com\/en\/wp-json\/wp\/v2\/users\/14"}],"replies":[{"embeddable":true,"href":"https:\/\/www.czechcyclingfederation.com\/en\/wp-json\/wp\/v2\/comments?post=40112"}],"version-history":[{"count":1,"href":"https:\/\/www.czechcyclingfederation.com\/en\/wp-json\/wp\/v2\/pages\/40112\/revisions"}],"predecessor-version":[{"id":40115,"href":"https:\/\/www.czechcyclingfederation.com\/en\/wp-json\/wp\/v2\/pages\/40112\/revisions\/40115"}],"wp:featuredmedia":[{"embeddable":true,"href":"https:\/\/www.czechcyclingfederation.com\/en\/wp-json\/wp\/v2\/media\/40113"}],"wp:attachment":[{"href":"https:\/\/www.czechcyclingfederation.com\/en\/wp-json\/wp\/v2\/media?parent=40112"}],"curies":[{"name":"wp","href":"https:\/\/api.w.org\/{rel}","templated":true}]}}