{"id":1018,"date":"2020-06-24T12:35:06","date_gmt":"2020-06-24T10:35:06","guid":{"rendered":"http:\/\/www.czechcyclingfederation.com\/?page_id=1018"},"modified":"2026-03-30T10:47:47","modified_gmt":"2026-03-30T08:47:47","slug":"trial-dhi-enduro","status":"publish","type":"page","link":"https:\/\/www.czechcyclingfederation.com\/en\/mtb-trial-reprezentace\/trial-dhi-enduro\/","title":{"rendered":"DHI\/ENDURO"},"content":{"rendered":"\n<h2 class=\"wp-block-heading\">Reprezenta\u010dn\u00ed t\u00fdm 2026<\/h2>\n\n\n\n<figure class=\"wp-block-table\"><table><thead><tr><th><strong>P\u0158\u00cdJMEN\u00cd<\/strong><\/th><th><strong>JM\u00c9NO<\/strong><\/th><th><strong>DISCIPL\u00cdNA<\/strong><\/th><\/tr><\/thead><tbody><tr><td>Hrom\u00e1dka <\/td><td>Maty\u00e1\u0161<\/td><td>DH<\/td><\/tr><tr><td>Kerl<\/td><td>Sebastian<\/td><td>DH<\/td><\/tr><tr><td>Kole\u010d\u00edk<\/td><td>Ond\u0159ej<\/td><td>DH<\/td><\/tr><tr><td>Povoln\u00fd<\/td><td>Maty\u00e1\u0161<\/td><td>DH<\/td><\/tr><tr><td>Novotn\u00fd <\/td><td>Robin<\/td><td>DH<\/td><\/tr><tr><td>H\u00fas\u0165 <\/td><td>Kry\u0161tof<\/td><td>DH<\/td><\/tr><tr><td>Hurta<\/td><td>\u0160t\u011bp\u00e1n<\/td><td>DH<\/td><\/tr><tr><td>Volejn\u00edkov\u00e1<\/td><td>Nikola<\/td><td>DH<\/td><\/tr><tr><td>Volejn\u00edkov\u00e1<\/td><td>Nat\u00e1lie<\/td><td>DH<\/td><\/tr><tr><td>Kadlecov\u00e1<\/td><td>Karol\u00edna<\/td><td>DH<\/td><\/tr><tr><td>Sehnal<\/td><td>Stanislav<\/td><td>Enduro<\/td><\/tr><tr><td>Kloko\u010dka<\/td><td>Vojt\u011bch<\/td><td>Enduro<\/td><\/tr><tr><td>Pivni\u010dka<\/td><td>Jakub<\/td><td>Enduro<\/td><\/tr><tr><td>Bl\u00e1ha<\/td><td>Vojt\u011bch<\/td><td>Enduro<\/td><\/tr><tr><td>Maxa<\/td><td>Adam<\/td><td>Enduro<\/td><\/tr><tr><td>Kalousek<\/td><td>Jakub<\/td><td>Enduro<\/td><\/tr><tr><td>Charv\u00e1t<\/td><td>Mat\u011bj<\/td><td>Enduro<\/td><\/tr><tr><td>\u0160rail<\/td><td>Mat\u011bj<\/td><td>Enduro<\/td><\/tr><tr><td>Rys<\/td><td>Jan<\/td><td>Enduro<\/td><\/tr><tr><td>Vojta<\/td><td>Barbora<\/td><td>Enduro<\/td><\/tr><tr><td>Viktorov\u00e1<\/td><td>Nela<\/td><td>Enduro<\/td><\/tr><\/tbody><\/table><\/figure>\n\n\n\n<h2 class=\"wp-block-heading\">Realiza\u010dn\u00ed t\u00fdm<\/h2>\n\n\n\n<figure class=\"wp-block-table\"><table><thead><tr><th>P\u0158\u00cdJMEN\u00cd<\/th><th>JM\u00c9NO<\/th><th>FUNKCE<\/th><th>KONTAKT<\/th><\/tr><\/thead><tbody><tr><td>Suchomel<\/td><td>Milan<\/td><td>tren\u00e9r<\/td><td><a href=\"mailto:suchomelmilan@centrum.cz\">suchomelmilan@centrum.cz<\/a><\/td><\/tr><tr><td>H\u00e1jek<\/td><td>Hynek<\/td><td>mechanik<\/td><td>&nbsp;<\/td><\/tr><tr><td>Suchomelov\u00e1<\/td><td>Petra<\/td><td>kucha\u0159ka, zdravotn\u00edk<\/td><td>&nbsp;<\/td><\/tr><tr><td>Wosyka<\/td><td>Tom\u00e1\u0161<\/td><td>mechanik<\/td><td><\/td><\/tr><\/tbody><\/table><\/figure>\n\n\n\n<h2 class=\"wp-block-heading\">Nomina\u010dn\u00ed krit\u00e9ria<\/h2>\n\n\n<div class=\"wp-block-file\">\r\n                <a target=\"_blank\" rel=\"noopener\" href=\"https:\/\/www.czechcyclingfederation.com\/wp-content\/uploads\/2025\/12\/Nominacni_kriteria_MTB_DH-Enduro-2026-aktualizovana.pdf\" class=\"wp-block-file__button wp-element-button\">\r\n                    <span class=\"wp-block-file__icon\"><\/span>\r\n                    Nomina\u010dn\u00ed krit\u00e9ria MTB DH Enduro 2026 &#8211; aktualizovan\u00e1\r\n                <\/a>\r\n            <\/div>\n\n\n<p><\/p>\n","protected":false},"excerpt":{"rendered":"<p>Reprezenta\u010dn\u00ed t\u00fdm 2026 P\u0158\u00cdJMEN\u00cd JM\u00c9NO DISCIPL\u00cdNA Hrom\u00e1dka Maty\u00e1\u0161 DH Kerl Sebastian DH Kole\u010d\u00edk Ond\u0159ej DH Povoln\u00fd Maty\u00e1\u0161 DH Novotn\u00fd Robin DH H\u00fas\u0165 Kry\u0161tof DH Hurta \u0160t\u011bp\u00e1n DH Volejn\u00edkov\u00e1 Nikola DH Volejn\u00edkov\u00e1 Nat\u00e1lie DH Kadlecov\u00e1 Karol\u00edna DH Sehnal Stanislav Enduro Kloko\u010dka Vojt\u011bch Enduro Pivni\u010dka Jakub Enduro Bl\u00e1ha Vojt\u011bch Enduro Maxa Adam Enduro Kalousek Jakub Enduro Charv\u00e1t [&hellip;]<\/p>\n","protected":false},"author":1,"featured_media":34432,"parent":955,"menu_order":0,"comment_status":"closed","ping_status":"closed","template":"repre-page.php","meta":{"footnotes":""},"class_list":["post-1018","page","type-page","status-publish","has-post-thumbnail","hentry"],"_links":{"self":[{"href":"https:\/\/www.czechcyclingfederation.com\/en\/wp-json\/wp\/v2\/pages\/1018","targetHints":{"allow":["GET"]}}],"collection":[{"href":"https:\/\/www.czechcyclingfederation.com\/en\/wp-json\/wp\/v2\/pages"}],"about":[{"href":"https:\/\/www.czechcyclingfederation.com\/en\/wp-json\/wp\/v2\/types\/page"}],"author":[{"embeddable":true,"href":"https:\/\/www.czechcyclingfederation.com\/en\/wp-json\/wp\/v2\/users\/1"}],"replies":[{"embeddable":true,"href":"https:\/\/www.czechcyclingfederation.com\/en\/wp-json\/wp\/v2\/comments?post=1018"}],"version-history":[{"count":26,"href":"https:\/\/www.czechcyclingfederation.com\/en\/wp-json\/wp\/v2\/pages\/1018\/revisions"}],"predecessor-version":[{"id":40450,"href":"https:\/\/www.czechcyclingfederation.com\/en\/wp-json\/wp\/v2\/pages\/1018\/revisions\/40450"}],"up":[{"embeddable":true,"href":"https:\/\/www.czechcyclingfederation.com\/en\/wp-json\/wp\/v2\/pages\/955"}],"wp:featuredmedia":[{"embeddable":true,"href":"https:\/\/www.czechcyclingfederation.com\/en\/wp-json\/wp\/v2\/media\/34432"}],"wp:attachment":[{"href":"https:\/\/www.czechcyclingfederation.com\/en\/wp-json\/wp\/v2\/media?parent=1018"}],"curies":[{"name":"wp","href":"https:\/\/api.w.org\/{rel}","templated":true}]}}