{"id":611,"date":"2023-01-02T09:51:08","date_gmt":"2023-01-02T08:51:08","guid":{"rendered":"http:\/\/www.czechcyclingfederation.com\/?post_type=events&#038;p=611"},"modified":"2025-06-21T08:48:43","modified_gmt":"2025-06-21T06:48:43","slug":"skoda-extraliga-kolova","status":"publish","type":"events","link":"https:\/\/www.czechcyclingfederation.com\/en\/events\/skoda-extraliga-kolova\/","title":{"rendered":"\u0160KODA Extraliga &#8211; Kolov\u00e1"},"content":{"rendered":"\n<h2 class=\"wp-block-heading\">Term\u00edny a m\u00edsta<\/h2>\n\n\n\n<figure class=\"wp-block-table\"><table><tbody><tr><td>16. 3. 2025<\/td><td>1.kolo Extraligy <\/td><\/tr><tr><td>13. 4. 2025<\/td><td>2. kolo Extraligy <\/td><\/tr><tr><td>24. 5. 2025<\/td><td>3. kolo Extraligy<\/td><\/tr><tr><td>27. 9. 2025<\/td><td>4. kolo Extraligy <\/td><\/tr><tr><td>18. 10. 2025<\/td><td>Mistrovstv\u00ed \u010cR<\/td><\/tr><\/tbody><\/table><\/figure>\n\n\n\n<div class=\"row flex-column\">\n\n\n<div class=\"blue-block\">\n<p class=\"mx-1 my-1 float-left\">Str\u00e1nky poh\u00e1ru<\/p>\n<p><a class=\"float-right\" href=\" https:\/\/ceskakolova.cz\">ZDE<\/a><\/p>\n<\/div>\n<div class=\"blue-block\">\n<p class=\"mx-1 my-1 float-left\">V\u00fdsledky\u00a0<\/p>\n<p><a class=\"float-right\" href=\"https:\/\/ceskakolova.cz\/vysledky\/muzi\/\">ZDE<\/a><\/p>\n<\/div>\n\n\n<\/div>\n","protected":false},"excerpt":{"rendered":"<p>Term\u00edny a m\u00edsta 16. 3. 2025 1.kolo Extraligy 13. 4. 2025 2. kolo Extraligy 24. 5. 2025 3. kolo Extraligy 27. 9. 2025 4. kolo Extraligy 18. 10. 2025 Mistrovstv\u00ed \u010cR Str\u00e1nky poh\u00e1ru ZDE V\u00fdsledky\u00a0 ZDE<\/p>\n","protected":false},"author":1,"featured_media":617,"template":"","format":"standard","meta":[],"categories":[],"tags":[61],"class_list":["post-611","events","type-events","status-publish","format-standard","has-post-thumbnail","hentry","tag-salovka"],"_links":{"self":[{"href":"https:\/\/www.czechcyclingfederation.com\/en\/wp-json\/wp\/v2\/events\/611","targetHints":{"allow":["GET"]}}],"collection":[{"href":"https:\/\/www.czechcyclingfederation.com\/en\/wp-json\/wp\/v2\/events"}],"about":[{"href":"https:\/\/www.czechcyclingfederation.com\/en\/wp-json\/wp\/v2\/types\/events"}],"author":[{"embeddable":true,"href":"https:\/\/www.czechcyclingfederation.com\/en\/wp-json\/wp\/v2\/users\/1"}],"wp:featuredmedia":[{"embeddable":true,"href":"https:\/\/www.czechcyclingfederation.com\/en\/wp-json\/wp\/v2\/media\/617"}],"wp:attachment":[{"href":"https:\/\/www.czechcyclingfederation.com\/en\/wp-json\/wp\/v2\/media?parent=611"}],"wp:term":[{"taxonomy":"category","embeddable":true,"href":"https:\/\/www.czechcyclingfederation.com\/en\/wp-json\/wp\/v2\/categories?post=611"},{"taxonomy":"post_tag","embeddable":true,"href":"https:\/\/www.czechcyclingfederation.com\/en\/wp-json\/wp\/v2\/tags?post=611"}],"curies":[{"name":"wp","href":"https:\/\/api.w.org\/{rel}","templated":true}]}}